{"id":2583,"date":"2015-11-17T19:25:54","date_gmt":"2015-11-17T18:25:54","guid":{"rendered":"http:\/\/italiejumelage.saintmedardasso.fr\/?page_id=2583"},"modified":"2026-04-04T17:34:37","modified_gmt":"2026-04-04T15:34:37","slug":"telechargement","status":"publish","type":"page","link":"https:\/\/italiejumelage.saintmedardasso.fr\/?page_id=2583","title":{"rendered":"A t\u00e9l\u00e9charger"},"content":{"rendered":"\n<p><span style=\"font-size: 14px;\"><strong><span style=\"color: #9933ff;\"><span style=\"font-family: arial,helvetica,sans-serif;\">Vous trouverez sur cette page tous les documents que vous pouvez t\u00e9l\u00e9charger:<\/span><\/span><\/strong><\/span><\/p>\n\n\n\n<p><a href=\"https:\/\/italiejumelage.saintmedardasso.fr\/wp-content\/uploads\/2023\/03\/Bulletin-dadhesion-section-Italie.pdf\"><strong>Bulletin d&rsquo;adh\u00e9sion<\/strong><\/a><\/p>\n\n\n\n<p><a href=\"https:\/\/italiejumelage.saintmedardasso.fr\/wp-content\/uploads\/2026\/04\/Compte-rendu-de-lAG-du-20-mars-2026.pdf\">Proc\u00e8s-verbal de l&rsquo;Assembl\u00e9e G\u00e9n\u00e9rale du 20 mars 2026<\/a><\/p>\n\n\n\n<p><a href=\"https:\/\/italiejumelage.saintmedardasso.fr\/wp-content\/uploads\/2025\/04\/Compte-Rendu-de-lAG-14-mars-2025-Comite-Italie.pdf\" data-type=\"link\" data-id=\"https:\/\/italiejumelage.saintmedardasso.fr\/wp-content\/uploads\/2025\/04\/Compte-Rendu-de-lAG-14-mars-2025-Comite-Italie.pdf\">Proc\u00e8s-verbal de l&rsquo;Assembl\u00e9e G\u00e9n\u00e9rale du 14 mars 2025<\/a><\/p>\n\n\n\n<p><a href=\"https:\/\/italiejumelage.saintmedardasso.fr\/wp-content\/uploads\/2024\/06\/PV-AG-du-15mars2024.pdf\">Proc\u00e8s-verbal de l&rsquo;Assembl\u00e9e G\u00e9n\u00e9rale du 15 mars 2024<\/a><\/p>\n\n\n\n<p><a href=\"https:\/\/italiejumelage.saintmedardasso.fr\/wp-content\/uploads\/2023\/07\/PV-AG-du-16-juin-2023.pdf\">Proc\u00e8s verbal de l&rsquo;assembl\u00e9e G\u00e9n\u00e9rale du 16 juin 2023<\/a><\/p>\n\n\n\n<p><a href=\"https:\/\/italiejumelage.saintmedardasso.fr\/wp-content\/uploads\/2022\/06\/PV-AG-du-18-mars-2022.pdf\">Proc\u00e8s verbal de l&rsquo;assembl\u00e9e g\u00e9n\u00e9rale du 18 mars 2022<\/a><\/p>\n\n\n\n<p><a href=\"https:\/\/italiejumelage.saintmedardasso.fr\/wp-content\/uploads\/2021\/10\/PV-AG-du-11juin2021.pdf\">Proc\u00e8s verbal de l&rsquo;assembl\u00e9e g\u00e9n\u00e9rale du 11 juin 2021<\/a><\/p>\n\n\n\n<p><a href=\"https:\/\/italiejumelage.saintmedardasso.fr\/wp-content\/uploads\/2020\/03\/PV-AG-du-20-fe\u0301vrier-2020.pdf\">Proc\u00e8s verbal de l&rsquo;assembl\u00e9e g\u00e9n\u00e9rale du 20 f\u00e9vrier 2020<\/a><\/p>\n\n\n\n<p><a href=\"https:\/\/italiejumelage.saintmedardasso.fr\/wp-content\/uploads\/2019\/03\/CR-conseil-dadministration-du-28-f\u00e9vrier-2019.pdf\">Compte-rendu du conseil d&rsquo;administration du 28 f\u00e9vrier 2019<\/a>.<\/p>\n\n\n\n<p><a href=\"https:\/\/italiejumelage.saintmedardasso.fr\/wp-content\/uploads\/2019\/02\/Comite-de-jumalage-italie-AG-du-6-f\u00e9vrier-2019-avec-comptes-1.pdf\" target=\"blank\" rel=\"noopener noreferrer\">Compte-rendu de l&rsquo;AG du 6 f\u00e9vrier 2019<\/a><\/p>\n\n\n\n<p><a href=\"https:\/\/italiejumelage.saintmedardasso.fr\/wp-content\/uploads\/2018\/02\/CR-AG-2018.pdf\" target=\"blank\" rel=\"noopener noreferrer\">Compte-rendu de l&rsquo;AG du 2 f\u00e9vrier 2018<\/a><\/p>\n\n\n\n<p><a href=\"https:\/\/italiejumelage.saintmedardasso.fr\/wp-content\/uploads\/2017\/03\/CR-AG-2017-1.pdf\" target=\"blank\" rel=\"noopener noreferrer\">Compte-rendu de l&rsquo;AG du 10 f\u00e9vrier 2017<\/a><\/p>\n\n\n\n<p><a href=\"https:\/\/italiejumelage.saintmedardasso.fr\/wp-content\/uploads\/2017\/01\/CR-5-janvier-2017.doc\" target=\"blank\" rel=\"noopener noreferrer\">Compte-rendu de l&rsquo;AG du 5 janvier 2017.doc<\/a><\/p>\n\n\n\n<p><a href=\"https:\/\/italiejumelage.saintmedardasso.fr\/wp-content\/uploads\/2015\/11\/CR-AG-2016.doc\" target=\"blank\" rel=\"noopener noreferrer\">Compte-rendu de l&rsquo;AG du 16 juin 2016.doc<\/a><\/p>\n\n\n\n<p><a href=\"https:\/\/italiejumelage.saintmedardasso.fr\/wp-content\/uploads\/2017\/01\/Re\u0300glement-inte\u0301rieur-du-jumelage.pdf\" data-type=\"link\" data-id=\"https:\/\/italiejumelage.saintmedardasso.fr\/wp-content\/uploads\/2017\/01\/Re\u0300glement-inte\u0301rieur-du-jumelage.pdf\">R\u00e8glement int\u00e9rieur<\/a><\/p>\n\n\n\n<p><a href=\"https:\/\/italiejumelage.saintmedardasso.fr\/wp-content\/uploads\/2017\/01\/statuts-jumelage.pdf\" data-type=\"link\" data-id=\"https:\/\/italiejumelage.saintmedardasso.fr\/wp-content\/uploads\/2017\/01\/statuts-jumelage.pdf\">Statuts<\/a><\/p>\n","protected":false},"excerpt":{"rendered":"<p>Vous trouverez sur cette page tous les documents que vous pouvez t\u00e9l\u00e9charger:&hellip;<\/p>\n","protected":false},"author":7,"featured_media":4135,"parent":0,"menu_order":0,"comment_status":"closed","ping_status":"closed","template":"","meta":{"footnotes":""},"class_list":["post-2583","page","type-page","status-publish","has-post-thumbnail","hentry"],"_links":{"self":[{"href":"https:\/\/italiejumelage.saintmedardasso.fr\/index.php?rest_route=\/wp\/v2\/pages\/2583","targetHints":{"allow":["GET"]}}],"collection":[{"href":"https:\/\/italiejumelage.saintmedardasso.fr\/index.php?rest_route=\/wp\/v2\/pages"}],"about":[{"href":"https:\/\/italiejumelage.saintmedardasso.fr\/index.php?rest_route=\/wp\/v2\/types\/page"}],"author":[{"embeddable":true,"href":"https:\/\/italiejumelage.saintmedardasso.fr\/index.php?rest_route=\/wp\/v2\/users\/7"}],"replies":[{"embeddable":true,"href":"https:\/\/italiejumelage.saintmedardasso.fr\/index.php?rest_route=%2Fwp%2Fv2%2Fcomments&post=2583"}],"version-history":[{"count":70,"href":"https:\/\/italiejumelage.saintmedardasso.fr\/index.php?rest_route=\/wp\/v2\/pages\/2583\/revisions"}],"predecessor-version":[{"id":4773,"href":"https:\/\/italiejumelage.saintmedardasso.fr\/index.php?rest_route=\/wp\/v2\/pages\/2583\/revisions\/4773"}],"wp:featuredmedia":[{"embeddable":true,"href":"https:\/\/italiejumelage.saintmedardasso.fr\/index.php?rest_route=\/wp\/v2\/media\/4135"}],"wp:attachment":[{"href":"https:\/\/italiejumelage.saintmedardasso.fr\/index.php?rest_route=%2Fwp%2Fv2%2Fmedia&parent=2583"}],"curies":[{"name":"wp","href":"https:\/\/api.w.org\/{rel}","templated":true}]}}