{"id":3692,"date":"2022-12-19T08:36:43","date_gmt":"2022-12-19T07:36:43","guid":{"rendered":"http:\/\/italiejumelage.saintmedardasso.fr\/?page_id=3692"},"modified":"2026-01-07T16:37:34","modified_gmt":"2026-01-07T15:37:34","slug":"atelier-cuisine","status":"publish","type":"page","link":"https:\/\/italiejumelage.saintmedardasso.fr\/?page_id=3692","title":{"rendered":"Recettes Atelier cuisine"},"content":{"rendered":"\n<figure class=\"wp-block-image size-full is-resized is-style-rounded\"><img loading=\"lazy\" decoding=\"async\" width=\"275\" height=\"183\" src=\"https:\/\/italiejumelage.saintmedardasso.fr\/wp-content\/uploads\/2022\/12\/Atelier-cuisine.jpg\" alt=\"\" class=\"wp-image-3694\" style=\"width:439px;height:292px\" srcset=\"https:\/\/italiejumelage.saintmedardasso.fr\/wp-content\/uploads\/2022\/12\/Atelier-cuisine.jpg 275w, https:\/\/italiejumelage.saintmedardasso.fr\/wp-content\/uploads\/2022\/12\/Atelier-cuisine-150x100.jpg 150w\" sizes=\"auto, (max-width: 275px) 100vw, 275px\" \/><\/figure>\n\n\n\n<p class=\"has-black-color has-luminous-vivid-amber-background-color has-text-color has-background\"><em><strong>Samedi 12 novembre 2016, notre premier atelier de cuisine italienne voyait le jour. Pour toutes celles et ceux qui n&rsquo;auraient pas pu participer \u00e0 l&rsquo;\u00e9laboration des plats et \u00e0 leur d\u00e9gustation, nous vous proposons ici toutes les recettes. Buon appetito !<\/strong><\/em> <\/p>\n\n\n\n<p class=\"has-vivid-red-color has-text-color has-link-color wp-elements-48363785af23eb4148380d4fac9abf29\"><strong>ATELIER DU 6 DECEMBRE 2025<\/strong><\/p>\n\n\n\n<figure class=\"wp-block-gallery has-nested-images columns-default is-cropped wp-block-gallery-1 is-layout-flex wp-block-gallery-is-layout-flex\">\n<figure class=\"wp-block-image size-large\"><img loading=\"lazy\" decoding=\"async\" width=\"576\" height=\"768\" data-id=\"4646\" src=\"https:\/\/italiejumelage.saintmedardasso.fr\/wp-content\/uploads\/2026\/01\/Atelier-cuisine-6-decembre-2025-en-pleine-effervescence-1-576x768.jpg\" alt=\"\" class=\"wp-image-4646\" srcset=\"https:\/\/italiejumelage.saintmedardasso.fr\/wp-content\/uploads\/2026\/01\/Atelier-cuisine-6-decembre-2025-en-pleine-effervescence-1-576x768.jpg 576w, https:\/\/italiejumelage.saintmedardasso.fr\/wp-content\/uploads\/2026\/01\/Atelier-cuisine-6-decembre-2025-en-pleine-effervescence-1-225x300.jpg 225w, https:\/\/italiejumelage.saintmedardasso.fr\/wp-content\/uploads\/2026\/01\/Atelier-cuisine-6-decembre-2025-en-pleine-effervescence-1-1152x1536.jpg 1152w, https:\/\/italiejumelage.saintmedardasso.fr\/wp-content\/uploads\/2026\/01\/Atelier-cuisine-6-decembre-2025-en-pleine-effervescence-1.jpg 1200w\" sizes=\"auto, (max-width: 576px) 100vw, 576px\" \/><figcaption class=\"wp-element-caption\">Atelier en pleine effervescence<\/figcaption><\/figure>\n\n\n\n<figure class=\"wp-block-image size-large\"><img loading=\"lazy\" decoding=\"async\" width=\"576\" height=\"768\" data-id=\"4647\" src=\"https:\/\/italiejumelage.saintmedardasso.fr\/wp-content\/uploads\/2026\/01\/Atelier-cuisine-6-decembre-2025-aperitif-2-576x768.jpg\" alt=\"\" class=\"wp-image-4647\" srcset=\"https:\/\/italiejumelage.saintmedardasso.fr\/wp-content\/uploads\/2026\/01\/Atelier-cuisine-6-decembre-2025-aperitif-2-576x768.jpg 576w, https:\/\/italiejumelage.saintmedardasso.fr\/wp-content\/uploads\/2026\/01\/Atelier-cuisine-6-decembre-2025-aperitif-2-225x300.jpg 225w, https:\/\/italiejumelage.saintmedardasso.fr\/wp-content\/uploads\/2026\/01\/Atelier-cuisine-6-decembre-2025-aperitif-2-1152x1536.jpg 1152w, https:\/\/italiejumelage.saintmedardasso.fr\/wp-content\/uploads\/2026\/01\/Atelier-cuisine-6-decembre-2025-aperitif-2.jpg 1200w\" sizes=\"auto, (max-width: 576px) 100vw, 576px\" \/><figcaption class=\"wp-element-caption\">Ap\u00e9ritif (prosecco, verrines tiramisu, bruschetta)<\/figcaption><\/figure>\n\n\n\n<figure class=\"wp-block-image size-large\"><img loading=\"lazy\" decoding=\"async\" width=\"576\" height=\"768\" data-id=\"4648\" src=\"https:\/\/italiejumelage.saintmedardasso.fr\/wp-content\/uploads\/2026\/01\/Atelier-cuisine-6-decembre-2025-verrines-tiramisu-3-576x768.jpg\" alt=\"\" class=\"wp-image-4648\" srcset=\"https:\/\/italiejumelage.saintmedardasso.fr\/wp-content\/uploads\/2026\/01\/Atelier-cuisine-6-decembre-2025-verrines-tiramisu-3-576x768.jpg 576w, https:\/\/italiejumelage.saintmedardasso.fr\/wp-content\/uploads\/2026\/01\/Atelier-cuisine-6-decembre-2025-verrines-tiramisu-3-225x300.jpg 225w, https:\/\/italiejumelage.saintmedardasso.fr\/wp-content\/uploads\/2026\/01\/Atelier-cuisine-6-decembre-2025-verrines-tiramisu-3-1152x1536.jpg 1152w, https:\/\/italiejumelage.saintmedardasso.fr\/wp-content\/uploads\/2026\/01\/Atelier-cuisine-6-decembre-2025-verrines-tiramisu-3.jpg 1200w\" sizes=\"auto, (max-width: 576px) 100vw, 576px\" \/><figcaption class=\"wp-element-caption\">Verrines tiramisu<\/figcaption><\/figure>\n\n\n\n<figure class=\"wp-block-image size-large\"><img loading=\"lazy\" decoding=\"async\" width=\"1024\" height=\"768\" data-id=\"4649\" src=\"https:\/\/italiejumelage.saintmedardasso.fr\/wp-content\/uploads\/2026\/01\/Atelier-cuisine-6-decembre-2025-bruschette-4-1024x768.jpg\" alt=\"\" class=\"wp-image-4649\" srcset=\"https:\/\/italiejumelage.saintmedardasso.fr\/wp-content\/uploads\/2026\/01\/Atelier-cuisine-6-decembre-2025-bruschette-4-1024x768.jpg 1024w, https:\/\/italiejumelage.saintmedardasso.fr\/wp-content\/uploads\/2026\/01\/Atelier-cuisine-6-decembre-2025-bruschette-4-300x225.jpg 300w, https:\/\/italiejumelage.saintmedardasso.fr\/wp-content\/uploads\/2026\/01\/Atelier-cuisine-6-decembre-2025-bruschette-4-1536x1152.jpg 1536w, https:\/\/italiejumelage.saintmedardasso.fr\/wp-content\/uploads\/2026\/01\/Atelier-cuisine-6-decembre-2025-bruschette-4.jpg 1600w\" sizes=\"auto, (max-width: 1024px) 100vw, 1024px\" \/><figcaption class=\"wp-element-caption\">Bruschetta<\/figcaption><\/figure>\n\n\n\n<figure class=\"wp-block-image size-large\"><img loading=\"lazy\" decoding=\"async\" width=\"576\" height=\"768\" data-id=\"4650\" src=\"https:\/\/italiejumelage.saintmedardasso.fr\/wp-content\/uploads\/2026\/01\/Atelier-cuisine-6-decembre-2025-gnocchi-di-patate-5-576x768.jpg\" alt=\"\" class=\"wp-image-4650\" srcset=\"https:\/\/italiejumelage.saintmedardasso.fr\/wp-content\/uploads\/2026\/01\/Atelier-cuisine-6-decembre-2025-gnocchi-di-patate-5-576x768.jpg 576w, https:\/\/italiejumelage.saintmedardasso.fr\/wp-content\/uploads\/2026\/01\/Atelier-cuisine-6-decembre-2025-gnocchi-di-patate-5-225x300.jpg 225w, https:\/\/italiejumelage.saintmedardasso.fr\/wp-content\/uploads\/2026\/01\/Atelier-cuisine-6-decembre-2025-gnocchi-di-patate-5-1152x1536.jpg 1152w, https:\/\/italiejumelage.saintmedardasso.fr\/wp-content\/uploads\/2026\/01\/Atelier-cuisine-6-decembre-2025-gnocchi-di-patate-5.jpg 1200w\" sizes=\"auto, (max-width: 576px) 100vw, 576px\" \/><figcaption class=\"wp-element-caption\">Gnocchi di patate<\/figcaption><\/figure>\n\n\n\n<figure class=\"wp-block-image size-large\"><img loading=\"lazy\" decoding=\"async\" width=\"1024\" height=\"768\" data-id=\"4651\" src=\"https:\/\/italiejumelage.saintmedardasso.fr\/wp-content\/uploads\/2026\/01\/Atelier-cuisine-6-decembre-2025-verdure-ripiene-6-1024x768.jpg\" alt=\"\" class=\"wp-image-4651\" srcset=\"https:\/\/italiejumelage.saintmedardasso.fr\/wp-content\/uploads\/2026\/01\/Atelier-cuisine-6-decembre-2025-verdure-ripiene-6-1024x768.jpg 1024w, https:\/\/italiejumelage.saintmedardasso.fr\/wp-content\/uploads\/2026\/01\/Atelier-cuisine-6-decembre-2025-verdure-ripiene-6-300x225.jpg 300w, https:\/\/italiejumelage.saintmedardasso.fr\/wp-content\/uploads\/2026\/01\/Atelier-cuisine-6-decembre-2025-verdure-ripiene-6-1536x1152.jpg 1536w, https:\/\/italiejumelage.saintmedardasso.fr\/wp-content\/uploads\/2026\/01\/Atelier-cuisine-6-decembre-2025-verdure-ripiene-6.jpg 1600w\" sizes=\"auto, (max-width: 1024px) 100vw, 1024px\" \/><figcaption class=\"wp-element-caption\">Verdure ripiene<\/figcaption><\/figure>\n\n\n\n<figure class=\"wp-block-image size-large is-style-rounded\"><img loading=\"lazy\" decoding=\"async\" width=\"1024\" height=\"768\" data-id=\"4653\" src=\"https:\/\/italiejumelage.saintmedardasso.fr\/wp-content\/uploads\/2026\/01\/Atelier-cuisine-6-decembre-2025-Mousse-de-ricotta-8-1024x768.jpg\" alt=\"\" class=\"wp-image-4653\" srcset=\"https:\/\/italiejumelage.saintmedardasso.fr\/wp-content\/uploads\/2026\/01\/Atelier-cuisine-6-decembre-2025-Mousse-de-ricotta-8-1024x768.jpg 1024w, https:\/\/italiejumelage.saintmedardasso.fr\/wp-content\/uploads\/2026\/01\/Atelier-cuisine-6-decembre-2025-Mousse-de-ricotta-8-300x225.jpg 300w, https:\/\/italiejumelage.saintmedardasso.fr\/wp-content\/uploads\/2026\/01\/Atelier-cuisine-6-decembre-2025-Mousse-de-ricotta-8-1536x1152.jpg 1536w, https:\/\/italiejumelage.saintmedardasso.fr\/wp-content\/uploads\/2026\/01\/Atelier-cuisine-6-decembre-2025-Mousse-de-ricotta-8.jpg 1600w\" sizes=\"auto, (max-width: 1024px) 100vw, 1024px\" \/><figcaption class=\"wp-element-caption\">Mousse de ricotta aux pommes et \u00e0 la cannelle<\/figcaption><\/figure>\n<\/figure>\n\n\n\n<ul class=\"wp-block-list\">\n<li><a href=\"https:\/\/italiejumelage.saintmedardasso.fr\/wp-content\/uploads\/2026\/01\/Atelier-cuisine-6-decembre-2025-recette-verrines-tiramisu-7.jpg\">Verrine de tiramisu<\/a><\/li>\n\n\n\n<li><a href=\"https:\/\/www.tavolartegusto.it\/ricetta\/gnocchi-di-patate-ricetta-e-segreti-come-fare-gli-gnocchi\/\">Gnocchi di patate<\/a><\/li>\n\n\n\n<li><a href=\"https:\/\/www.visitgenoa.it\/fr\/verdure-ripiene\">Verdure ripiene<\/a><\/li>\n\n\n\n<li><a href=\"https:\/\/www.giallozafferano.fr\/recettes\/mousse-de-ricotta-avec-pommes-et-cannelle.html\">Mousse de ricotta<\/a> <\/li>\n<\/ul>\n\n\n\n<p><\/p>\n\n\n\n<p class=\"has-vivid-red-color has-text-color has-link-color wp-elements-09dcc018117ac34f5914062182aec46c\"><strong>ATELIER DU 5 AVRIL 2025<\/strong><\/p>\n\n\n\n<figure class=\"wp-block-gallery has-nested-images columns-2 is-cropped wp-block-gallery-2 is-layout-flex wp-block-gallery-is-layout-flex\">\n<figure class=\"wp-block-image size-large\"><img loading=\"lazy\" decoding=\"async\" width=\"1024\" height=\"768\" data-id=\"4485\" src=\"https:\/\/italiejumelage.saintmedardasso.fr\/wp-content\/uploads\/2025\/04\/Activite-dans-la-cuisine-1-1024x768.jpg\" alt=\"\" class=\"wp-image-4485\" srcset=\"https:\/\/italiejumelage.saintmedardasso.fr\/wp-content\/uploads\/2025\/04\/Activite-dans-la-cuisine-1-1024x768.jpg 1024w, https:\/\/italiejumelage.saintmedardasso.fr\/wp-content\/uploads\/2025\/04\/Activite-dans-la-cuisine-1-300x225.jpg 300w, https:\/\/italiejumelage.saintmedardasso.fr\/wp-content\/uploads\/2025\/04\/Activite-dans-la-cuisine-1-1536x1153.jpg 1536w, https:\/\/italiejumelage.saintmedardasso.fr\/wp-content\/uploads\/2025\/04\/Activite-dans-la-cuisine-1.jpg 1600w\" sizes=\"auto, (max-width: 1024px) 100vw, 1024px\" \/><figcaption class=\"wp-element-caption\">On s&rsquo;active dans la cuisine<\/figcaption><\/figure>\n\n\n\n<figure class=\"wp-block-image size-large\"><img loading=\"lazy\" decoding=\"async\" width=\"1024\" height=\"768\" data-id=\"4486\" src=\"https:\/\/italiejumelage.saintmedardasso.fr\/wp-content\/uploads\/2025\/04\/Activites-dans-la-cuisine-2-1-1024x768.jpg\" alt=\"\" class=\"wp-image-4486\" srcset=\"https:\/\/italiejumelage.saintmedardasso.fr\/wp-content\/uploads\/2025\/04\/Activites-dans-la-cuisine-2-1-1024x768.jpg 1024w, https:\/\/italiejumelage.saintmedardasso.fr\/wp-content\/uploads\/2025\/04\/Activites-dans-la-cuisine-2-1-300x225.jpg 300w, https:\/\/italiejumelage.saintmedardasso.fr\/wp-content\/uploads\/2025\/04\/Activites-dans-la-cuisine-2-1-1536x1153.jpg 1536w, https:\/\/italiejumelage.saintmedardasso.fr\/wp-content\/uploads\/2025\/04\/Activites-dans-la-cuisine-2-1.jpg 1600w\" sizes=\"auto, (max-width: 1024px) 100vw, 1024px\" \/><figcaption class=\"wp-element-caption\">Encore beaucoup d&rsquo;activit\u00e9<\/figcaption><\/figure>\n\n\n\n<figure class=\"wp-block-image size-large\"><img loading=\"lazy\" decoding=\"async\" width=\"576\" height=\"768\" data-id=\"4487\" src=\"https:\/\/italiejumelage.saintmedardasso.fr\/wp-content\/uploads\/2025\/04\/Aperitif-au-soleil-3-576x768.jpg\" alt=\"\" class=\"wp-image-4487\" srcset=\"https:\/\/italiejumelage.saintmedardasso.fr\/wp-content\/uploads\/2025\/04\/Aperitif-au-soleil-3-576x768.jpg 576w, https:\/\/italiejumelage.saintmedardasso.fr\/wp-content\/uploads\/2025\/04\/Aperitif-au-soleil-3-225x300.jpg 225w, https:\/\/italiejumelage.saintmedardasso.fr\/wp-content\/uploads\/2025\/04\/Aperitif-au-soleil-3-1153x1536.jpg 1153w, https:\/\/italiejumelage.saintmedardasso.fr\/wp-content\/uploads\/2025\/04\/Aperitif-au-soleil-3.jpg 1201w\" sizes=\"auto, (max-width: 576px) 100vw, 576px\" \/><figcaption class=\"wp-element-caption\">Ap\u00e9ritif au soleil<\/figcaption><\/figure>\n\n\n\n<figure class=\"wp-block-image size-large\"><img loading=\"lazy\" decoding=\"async\" width=\"1024\" height=\"768\" data-id=\"4489\" src=\"https:\/\/italiejumelage.saintmedardasso.fr\/wp-content\/uploads\/2025\/04\/Gnocchi-alla-romana-5-1024x768.jpg\" alt=\"\" class=\"wp-image-4489\" srcset=\"https:\/\/italiejumelage.saintmedardasso.fr\/wp-content\/uploads\/2025\/04\/Gnocchi-alla-romana-5-1024x768.jpg 1024w, https:\/\/italiejumelage.saintmedardasso.fr\/wp-content\/uploads\/2025\/04\/Gnocchi-alla-romana-5-300x225.jpg 300w, https:\/\/italiejumelage.saintmedardasso.fr\/wp-content\/uploads\/2025\/04\/Gnocchi-alla-romana-5-1536x1153.jpg 1536w, https:\/\/italiejumelage.saintmedardasso.fr\/wp-content\/uploads\/2025\/04\/Gnocchi-alla-romana-5.jpg 1600w\" sizes=\"auto, (max-width: 1024px) 100vw, 1024px\" \/><figcaption class=\"wp-element-caption\">Gnocchi alla romana<\/figcaption><\/figure>\n\n\n\n<figure class=\"wp-block-image size-large\"><img loading=\"lazy\" decoding=\"async\" width=\"576\" height=\"768\" data-id=\"4490\" src=\"https:\/\/italiejumelage.saintmedardasso.fr\/wp-content\/uploads\/2025\/04\/Saltimbocca-alla-romana-aubergines-alla-parmigiana-6-576x768.jpg\" alt=\"\" class=\"wp-image-4490\" srcset=\"https:\/\/italiejumelage.saintmedardasso.fr\/wp-content\/uploads\/2025\/04\/Saltimbocca-alla-romana-aubergines-alla-parmigiana-6-576x768.jpg 576w, https:\/\/italiejumelage.saintmedardasso.fr\/wp-content\/uploads\/2025\/04\/Saltimbocca-alla-romana-aubergines-alla-parmigiana-6-225x300.jpg 225w, https:\/\/italiejumelage.saintmedardasso.fr\/wp-content\/uploads\/2025\/04\/Saltimbocca-alla-romana-aubergines-alla-parmigiana-6-1153x1536.jpg 1153w, https:\/\/italiejumelage.saintmedardasso.fr\/wp-content\/uploads\/2025\/04\/Saltimbocca-alla-romana-aubergines-alla-parmigiana-6.jpg 1201w\" sizes=\"auto, (max-width: 576px) 100vw, 576px\" \/><figcaption class=\"wp-element-caption\">Saltimbocca alla romana &#8211; aubergines alla parmigiana <\/figcaption><\/figure>\n\n\n\n<figure class=\"wp-block-image size-large\"><img loading=\"lazy\" decoding=\"async\" width=\"1024\" height=\"768\" data-id=\"4491\" src=\"https:\/\/italiejumelage.saintmedardasso.fr\/wp-content\/uploads\/2025\/04\/Un-po-di-dolcezza-Dolce-al-cucchiaio-7-1024x768.jpg\" alt=\"\" class=\"wp-image-4491\" srcset=\"https:\/\/italiejumelage.saintmedardasso.fr\/wp-content\/uploads\/2025\/04\/Un-po-di-dolcezza-Dolce-al-cucchiaio-7-1024x768.jpg 1024w, https:\/\/italiejumelage.saintmedardasso.fr\/wp-content\/uploads\/2025\/04\/Un-po-di-dolcezza-Dolce-al-cucchiaio-7-300x225.jpg 300w, https:\/\/italiejumelage.saintmedardasso.fr\/wp-content\/uploads\/2025\/04\/Un-po-di-dolcezza-Dolce-al-cucchiaio-7-1536x1153.jpg 1536w, https:\/\/italiejumelage.saintmedardasso.fr\/wp-content\/uploads\/2025\/04\/Un-po-di-dolcezza-Dolce-al-cucchiaio-7.jpg 1600w\" sizes=\"auto, (max-width: 1024px) 100vw, 1024px\" \/><figcaption class=\"wp-element-caption\">Un po&rsquo; di dolcezza &#8211; Dolce al cucchiaio<\/figcaption><\/figure>\n<\/figure>\n\n\n\n<ul class=\"wp-block-list\">\n<li><a href=\"https:\/\/italiejumelage.saintmedardasso.fr\/wp-content\/uploads\/2025\/04\/Gnocchi-alla-romana-fiche-cuisine.pdf\">Gnocchi alla romana<\/a><\/li>\n\n\n\n<li><a href=\"https:\/\/italiejumelage.saintmedardasso.fr\/wp-content\/uploads\/2025\/04\/Saltimbocca-alla-romana-fiche-recette.pdf\" data-type=\"link\" data-id=\"https:\/\/italiejumelage.saintmedardasso.fr\/wp-content\/uploads\/2025\/04\/Saltimbocca-alla-romana-fiche-recette.pdf\">Saltimbocca alla romana<\/a><\/li>\n\n\n\n<li><a href=\"https:\/\/italiejumelage.saintmedardasso.fr\/wp-content\/uploads\/2025\/04\/Aubergines-alla-parmigiana-fiche-recette.pdf\" data-type=\"link\" data-id=\"https:\/\/italiejumelage.saintmedardasso.fr\/wp-content\/uploads\/2025\/04\/Aubergines-alla-parmigiana-fiche-recette.pdf\">Aubergines alla parmigiana<\/a><\/li>\n\n\n\n<li><a href=\"https:\/\/italiejumelage.saintmedardasso.fr\/wp-content\/uploads\/2025\/04\/Dolce-al-cucchiaio-mascarpone-e-arancia-fiche-recette.pdf\" data-type=\"link\" data-id=\"https:\/\/italiejumelage.saintmedardasso.fr\/wp-content\/uploads\/2025\/04\/Dolce-al-cucchiaio-mascarpone-e-arancia-fiche-recette.pdf\">Dolce al cucchiaio mascarpone e arancia<\/a><\/li>\n<\/ul>\n\n\n\n<p class=\"has-vivid-red-color has-text-color\"><strong>ATELIER DU 23 NOVEMBRE 2024<\/strong><\/p>\n\n\n\n<figure class=\"wp-block-gallery has-nested-images columns-2 is-cropped wp-block-gallery-3 is-layout-flex wp-block-gallery-is-layout-flex\">\n<figure class=\"wp-block-image size-large\"><img loading=\"lazy\" decoding=\"async\" width=\"576\" height=\"768\" data-id=\"4460\" src=\"https:\/\/italiejumelage.saintmedardasso.fr\/wp-content\/uploads\/2025\/04\/Activites-dans-la-cuisine-1-576x768.jpg\" alt=\"\" class=\"wp-image-4460\" srcset=\"https:\/\/italiejumelage.saintmedardasso.fr\/wp-content\/uploads\/2025\/04\/Activites-dans-la-cuisine-1-576x768.jpg 576w, https:\/\/italiejumelage.saintmedardasso.fr\/wp-content\/uploads\/2025\/04\/Activites-dans-la-cuisine-1-225x300.jpg 225w, https:\/\/italiejumelage.saintmedardasso.fr\/wp-content\/uploads\/2025\/04\/Activites-dans-la-cuisine-1-1153x1536.jpg 1153w, https:\/\/italiejumelage.saintmedardasso.fr\/wp-content\/uploads\/2025\/04\/Activites-dans-la-cuisine-1.jpg 1537w\" sizes=\"auto, (max-width: 576px) 100vw, 576px\" \/><figcaption class=\"wp-element-caption\">Activit\u00e9s dans la cuisine<\/figcaption><\/figure>\n\n\n\n<figure class=\"wp-block-image size-large\"><img loading=\"lazy\" decoding=\"async\" width=\"576\" height=\"768\" data-id=\"4461\" src=\"https:\/\/italiejumelage.saintmedardasso.fr\/wp-content\/uploads\/2025\/04\/Activites-dans-la-cuisine-2-576x768.jpg\" alt=\"\" class=\"wp-image-4461\" srcset=\"https:\/\/italiejumelage.saintmedardasso.fr\/wp-content\/uploads\/2025\/04\/Activites-dans-la-cuisine-2-576x768.jpg 576w, https:\/\/italiejumelage.saintmedardasso.fr\/wp-content\/uploads\/2025\/04\/Activites-dans-la-cuisine-2-225x300.jpg 225w, https:\/\/italiejumelage.saintmedardasso.fr\/wp-content\/uploads\/2025\/04\/Activites-dans-la-cuisine-2-1153x1536.jpg 1153w, https:\/\/italiejumelage.saintmedardasso.fr\/wp-content\/uploads\/2025\/04\/Activites-dans-la-cuisine-2.jpg 1537w\" sizes=\"auto, (max-width: 576px) 100vw, 576px\" \/><figcaption class=\"wp-element-caption\">Activit\u00e9s dans la cuisine<\/figcaption><\/figure>\n\n\n\n<figure class=\"wp-block-image size-large\"><img loading=\"lazy\" decoding=\"async\" width=\"1024\" height=\"768\" data-id=\"4462\" src=\"https:\/\/italiejumelage.saintmedardasso.fr\/wp-content\/uploads\/2025\/04\/Activites-dans-la-cuisine-3-1024x768.jpg\" alt=\"\" class=\"wp-image-4462\" srcset=\"https:\/\/italiejumelage.saintmedardasso.fr\/wp-content\/uploads\/2025\/04\/Activites-dans-la-cuisine-3-1024x768.jpg 1024w, https:\/\/italiejumelage.saintmedardasso.fr\/wp-content\/uploads\/2025\/04\/Activites-dans-la-cuisine-3-300x225.jpg 300w, https:\/\/italiejumelage.saintmedardasso.fr\/wp-content\/uploads\/2025\/04\/Activites-dans-la-cuisine-3-1536x1153.jpg 1536w, https:\/\/italiejumelage.saintmedardasso.fr\/wp-content\/uploads\/2025\/04\/Activites-dans-la-cuisine-3.jpg 2048w\" sizes=\"auto, (max-width: 1024px) 100vw, 1024px\" \/><figcaption class=\"wp-element-caption\">Activit\u00e9s dans la cuisine<\/figcaption><\/figure>\n\n\n\n<figure class=\"wp-block-image size-large\"><img loading=\"lazy\" decoding=\"async\" width=\"576\" height=\"768\" data-id=\"4463\" src=\"https:\/\/italiejumelage.saintmedardasso.fr\/wp-content\/uploads\/2025\/04\/Activites-dans-la-cuisine-4-576x768.jpg\" alt=\"\" class=\"wp-image-4463\" srcset=\"https:\/\/italiejumelage.saintmedardasso.fr\/wp-content\/uploads\/2025\/04\/Activites-dans-la-cuisine-4-576x768.jpg 576w, https:\/\/italiejumelage.saintmedardasso.fr\/wp-content\/uploads\/2025\/04\/Activites-dans-la-cuisine-4-225x300.jpg 225w, https:\/\/italiejumelage.saintmedardasso.fr\/wp-content\/uploads\/2025\/04\/Activites-dans-la-cuisine-4-1153x1536.jpg 1153w, https:\/\/italiejumelage.saintmedardasso.fr\/wp-content\/uploads\/2025\/04\/Activites-dans-la-cuisine-4.jpg 1537w\" sizes=\"auto, (max-width: 576px) 100vw, 576px\" \/><figcaption class=\"wp-element-caption\">Activit\u00e9s dans la cuisine<\/figcaption><\/figure>\n\n\n\n<figure class=\"wp-block-image size-large\"><img loading=\"lazy\" decoding=\"async\" width=\"1024\" height=\"768\" data-id=\"4464\" src=\"https:\/\/italiejumelage.saintmedardasso.fr\/wp-content\/uploads\/2025\/04\/Aperitif-spritz-1024x768.jpg\" alt=\"\" class=\"wp-image-4464\" srcset=\"https:\/\/italiejumelage.saintmedardasso.fr\/wp-content\/uploads\/2025\/04\/Aperitif-spritz-1024x768.jpg 1024w, https:\/\/italiejumelage.saintmedardasso.fr\/wp-content\/uploads\/2025\/04\/Aperitif-spritz-300x225.jpg 300w, https:\/\/italiejumelage.saintmedardasso.fr\/wp-content\/uploads\/2025\/04\/Aperitif-spritz-1536x1153.jpg 1536w, https:\/\/italiejumelage.saintmedardasso.fr\/wp-content\/uploads\/2025\/04\/Aperitif-spritz.jpg 1600w\" sizes=\"auto, (max-width: 1024px) 100vw, 1024px\" \/><figcaption class=\"wp-element-caption\">Ap\u00e9ritif spritz<\/figcaption><\/figure>\n\n\n\n<figure class=\"wp-block-image size-large\"><img loading=\"lazy\" decoding=\"async\" width=\"1024\" height=\"768\" data-id=\"4465\" src=\"https:\/\/italiejumelage.saintmedardasso.fr\/wp-content\/uploads\/2025\/04\/Aperitif-1024x768.jpg\" alt=\"\" class=\"wp-image-4465\" srcset=\"https:\/\/italiejumelage.saintmedardasso.fr\/wp-content\/uploads\/2025\/04\/Aperitif-1024x768.jpg 1024w, https:\/\/italiejumelage.saintmedardasso.fr\/wp-content\/uploads\/2025\/04\/Aperitif-300x225.jpg 300w, https:\/\/italiejumelage.saintmedardasso.fr\/wp-content\/uploads\/2025\/04\/Aperitif-1536x1153.jpg 1536w, https:\/\/italiejumelage.saintmedardasso.fr\/wp-content\/uploads\/2025\/04\/Aperitif.jpg 1600w\" sizes=\"auto, (max-width: 1024px) 100vw, 1024px\" \/><figcaption class=\"wp-element-caption\">Pr\u00e9sentation de l&rsquo;ap\u00e9ritif<\/figcaption><\/figure>\n\n\n\n<figure class=\"wp-block-image size-large\"><img loading=\"lazy\" decoding=\"async\" width=\"1024\" height=\"768\" data-id=\"4466\" src=\"https:\/\/italiejumelage.saintmedardasso.fr\/wp-content\/uploads\/2025\/04\/Asperges-vertes-prosciutto-parmesan-1-1024x768.jpg\" alt=\"\" class=\"wp-image-4466\" srcset=\"https:\/\/italiejumelage.saintmedardasso.fr\/wp-content\/uploads\/2025\/04\/Asperges-vertes-prosciutto-parmesan-1-1024x768.jpg 1024w, https:\/\/italiejumelage.saintmedardasso.fr\/wp-content\/uploads\/2025\/04\/Asperges-vertes-prosciutto-parmesan-1-300x225.jpg 300w, https:\/\/italiejumelage.saintmedardasso.fr\/wp-content\/uploads\/2025\/04\/Asperges-vertes-prosciutto-parmesan-1-1536x1153.jpg 1536w, https:\/\/italiejumelage.saintmedardasso.fr\/wp-content\/uploads\/2025\/04\/Asperges-vertes-prosciutto-parmesan-1.jpg 1600w\" sizes=\"auto, (max-width: 1024px) 100vw, 1024px\" \/><figcaption class=\"wp-element-caption\">Asperges vertes &#8211; Prosciutto parmesan<\/figcaption><\/figure>\n\n\n\n<figure class=\"wp-block-image size-large\"><img loading=\"lazy\" decoding=\"async\" width=\"576\" height=\"768\" data-id=\"4467\" src=\"https:\/\/italiejumelage.saintmedardasso.fr\/wp-content\/uploads\/2025\/04\/Asperges-vertes-prosciutto-parmesan-2-576x768.jpg\" alt=\"\" class=\"wp-image-4467\" srcset=\"https:\/\/italiejumelage.saintmedardasso.fr\/wp-content\/uploads\/2025\/04\/Asperges-vertes-prosciutto-parmesan-2-576x768.jpg 576w, https:\/\/italiejumelage.saintmedardasso.fr\/wp-content\/uploads\/2025\/04\/Asperges-vertes-prosciutto-parmesan-2-225x300.jpg 225w, https:\/\/italiejumelage.saintmedardasso.fr\/wp-content\/uploads\/2025\/04\/Asperges-vertes-prosciutto-parmesan-2-1153x1536.jpg 1153w, https:\/\/italiejumelage.saintmedardasso.fr\/wp-content\/uploads\/2025\/04\/Asperges-vertes-prosciutto-parmesan-2.jpg 1201w\" sizes=\"auto, (max-width: 576px) 100vw, 576px\" \/><figcaption class=\"wp-element-caption\">Asperges vertes &#8211; Prosciutto parmesan<\/figcaption><\/figure>\n\n\n\n<figure class=\"wp-block-image size-large\"><img loading=\"lazy\" decoding=\"async\" width=\"1024\" height=\"768\" data-id=\"4468\" src=\"https:\/\/italiejumelage.saintmedardasso.fr\/wp-content\/uploads\/2025\/04\/Boulettes-de-viande-a-la-calabraise-1024x768.jpg\" alt=\"\" class=\"wp-image-4468\" srcset=\"https:\/\/italiejumelage.saintmedardasso.fr\/wp-content\/uploads\/2025\/04\/Boulettes-de-viande-a-la-calabraise-1024x768.jpg 1024w, https:\/\/italiejumelage.saintmedardasso.fr\/wp-content\/uploads\/2025\/04\/Boulettes-de-viande-a-la-calabraise-300x225.jpg 300w, https:\/\/italiejumelage.saintmedardasso.fr\/wp-content\/uploads\/2025\/04\/Boulettes-de-viande-a-la-calabraise-1536x1153.jpg 1536w, https:\/\/italiejumelage.saintmedardasso.fr\/wp-content\/uploads\/2025\/04\/Boulettes-de-viande-a-la-calabraise.jpg 1600w\" sizes=\"auto, (max-width: 1024px) 100vw, 1024px\" \/><figcaption class=\"wp-element-caption\">Boulettes de viande \u00e0 la calabraise<\/figcaption><\/figure>\n\n\n\n<figure class=\"wp-block-image size-large\"><img loading=\"lazy\" decoding=\"async\" width=\"1024\" height=\"768\" data-id=\"4473\" src=\"https:\/\/italiejumelage.saintmedardasso.fr\/wp-content\/uploads\/2025\/04\/Panna-cotta-citron-verveine-1024x768.jpg\" alt=\"\" class=\"wp-image-4473\" srcset=\"https:\/\/italiejumelage.saintmedardasso.fr\/wp-content\/uploads\/2025\/04\/Panna-cotta-citron-verveine-1024x768.jpg 1024w, https:\/\/italiejumelage.saintmedardasso.fr\/wp-content\/uploads\/2025\/04\/Panna-cotta-citron-verveine-300x225.jpg 300w, https:\/\/italiejumelage.saintmedardasso.fr\/wp-content\/uploads\/2025\/04\/Panna-cotta-citron-verveine-1536x1153.jpg 1536w, https:\/\/italiejumelage.saintmedardasso.fr\/wp-content\/uploads\/2025\/04\/Panna-cotta-citron-verveine.jpg 1600w\" sizes=\"auto, (max-width: 1024px) 100vw, 1024px\" \/><figcaption class=\"wp-element-caption\">Panna cotta citron verveine<\/figcaption><\/figure>\n<\/figure>\n\n\n\n<ul class=\"wp-block-list\">\n<li><a href=\"https:\/\/italiejumelage.saintmedardasso.fr\/wp-content\/uploads\/2024\/11\/Apero_Recette-du-Spritz.pdf\">Ap\u00e9ritif Spritz<\/a><\/li>\n\n\n\n<li><a href=\"https:\/\/italiejumelage.saintmedardasso.fr\/wp-content\/uploads\/2024\/11\/Feuillete-coppa-et-parmesan.pdf\">Feuillet\u00e9s coppa &amp; parmesan<\/a><\/li>\n\n\n\n<li><a href=\"https:\/\/italiejumelage.saintmedardasso.fr\/wp-content\/uploads\/2024\/11\/Crostini-chevre-tomates-confites.pdf\">Crostini fromage de ch\u00e8vre-tomates confites<\/a><\/li>\n\n\n\n<li><a href=\"https:\/\/italiejumelage.saintmedardasso.fr\/wp-content\/uploads\/2024\/11\/Asperges-vertes-prosciutto-parmesan.pdf\">Asperges vertes &#8211; prosciutto &#8211; parmesan<\/a><\/li>\n\n\n\n<li><a href=\"https:\/\/italiejumelage.saintmedardasso.fr\/wp-content\/uploads\/2024\/11\/Boulettes-de-viande-a-la-sauce-tomate.pdf\">Boulettes de viande \u00e0 la Calabraise<\/a><\/li>\n\n\n\n<li><a href=\"https:\/\/italiejumelage.saintmedardasso.fr\/wp-content\/uploads\/2024\/11\/Panna-cotta-citron-verveine.pdf\">Panna cotta citron verveine<\/a><\/li>\n<\/ul>\n\n\n\n<p class=\"has-vivid-red-color has-text-color\"><strong>ATELIER DU 10 DECEMBRE 2022<\/strong><\/p>\n\n\n\n<ul class=\"wp-block-list\">\n<li><a href=\"https:\/\/italiejumelage.saintmedardasso.fr\/wp-content\/uploads\/2022\/12\/Puntarelle-alla-Romana-1.pdf\" data-type=\"URL\" data-id=\"https:\/\/italiejumelage.saintmedardasso.fr\/wp-content\/uploads\/2022\/12\/Puntarelle-alla-Romana-1.pdf\">Puntarelle alla romana<\/a><\/li>\n\n\n\n<li><a href=\"https:\/\/italiejumelage.saintmedardasso.fr\/wp-content\/uploads\/2022\/12\/Lotte-ro\u0302tie-en-risotto.pdf\" data-type=\"URL\" data-id=\"https:\/\/italiejumelage.saintmedardasso.fr\/wp-content\/uploads\/2022\/12\/Lotte-ro\u0302tie-en-risotto.pdf\">Lotte r\u00f4tie en risotto<\/a><\/li>\n\n\n\n<li><a href=\"https:\/\/italiejumelage.saintmedardasso.fr\/wp-content\/uploads\/2022\/12\/Cre\u0300me-milanaise.pdf\" data-type=\"URL\" data-id=\"https:\/\/italiejumelage.saintmedardasso.fr\/wp-content\/uploads\/2022\/12\/Cre\u0300me-milanaise.pdf\">Cr\u00e8me milanaise<\/a><\/li>\n<\/ul>\n\n\n\n<figure class=\"wp-block-image size-full is-style-rounded\"><img loading=\"lazy\" decoding=\"async\" width=\"92\" height=\"92\" src=\"https:\/\/italiejumelage.saintmedardasso.fr\/wp-content\/uploads\/2023\/02\/Creme-milanaise.jpg\" alt=\"\" class=\"wp-image-3783\"\/><figcaption class=\"wp-element-caption\">Cr\u00e8me milanaise<\/figcaption><\/figure>\n\n\n\n<p class=\"has-vivid-red-color has-text-color\"><strong>ATELIER DU 11 DECEMBRE 2021<\/strong><\/p>\n\n\n\n<ul class=\"wp-block-list\">\n<li><a href=\"https:\/\/italiejumelage.saintmedardasso.fr\/wp-content\/uploads\/2021\/12\/Salade-chou-fleur.pdf\" data-type=\"URL\" data-id=\"https:\/\/italiejumelage.saintmedardasso.fr\/wp-content\/uploads\/2021\/12\/Salade-chou-fleur.pdf\">Salade de chou-fleur<\/a><\/li>\n\n\n\n<li><a href=\"https:\/\/italiejumelage.saintmedardasso.fr\/wp-content\/uploads\/2021\/12\/Filets-de-poulet-a\u0300-litalienne.pdf\" data-type=\"URL\" data-id=\"https:\/\/italiejumelage.saintmedardasso.fr\/wp-content\/uploads\/2021\/12\/Filets-de-poulet-a\u0300-litalienne.pdf\">Filets de poulet \u00e0 l&rsquo;italienne<\/a><\/li>\n\n\n\n<li><a href=\"https:\/\/italiejumelage.saintmedardasso.fr\/wp-content\/uploads\/2021\/12\/Semifreddo-au-yaourt-framboises-et-pistaches.pdf\" data-type=\"URL\" data-id=\"https:\/\/italiejumelage.saintmedardasso.fr\/wp-content\/uploads\/2021\/12\/Semifreddo-au-yaourt-framboises-et-pistaches.pdf\">Semifreddo au yaourt, framboises et pistaches<\/a><\/li>\n<\/ul>\n\n\n\n<p class=\"has-vivid-red-color has-text-color\"><strong>ATELIER DU 14 DECEMBRE 2020<\/strong><\/p>\n\n\n\n<ul class=\"wp-block-list\">\n<li><a href=\"https:\/\/italiejumelage.saintmedardasso.fr\/wp-content\/uploads\/2023\/02\/Noix-Saint-Jacques-poele\u0301es.pdf\" data-type=\"URL\" data-id=\"https:\/\/italiejumelage.saintmedardasso.fr\/wp-content\/uploads\/2023\/02\/Noix-Saint-Jacques-poele\u0301es.pdf\">Noix de Saint-Jacques po\u00eal\u00e9es<\/a><\/li>\n\n\n\n<li><a href=\"https:\/\/italiejumelage.saintmedardasso.fr\/wp-content\/uploads\/2023\/02\/Capu.pdf\" data-type=\"URL\" data-id=\"https:\/\/italiejumelage.saintmedardasso.fr\/wp-content\/uploads\/2023\/02\/Capu.pdf\">Cap\u00f9<\/a><\/li>\n\n\n\n<li><a href=\"https:\/\/italiejumelage.saintmedardasso.fr\/wp-content\/uploads\/2023\/02\/Zaletti.pdf\" data-type=\"URL\" data-id=\"https:\/\/italiejumelage.saintmedardasso.fr\/wp-content\/uploads\/2023\/02\/Zaletti.pdf\">Zaletti ou Zaeti<\/a><\/li>\n\n\n\n<li><a href=\"https:\/\/italiejumelage.saintmedardasso.fr\/wp-content\/uploads\/2023\/02\/Sabayon.pdf\" data-type=\"URL\" data-id=\"https:\/\/italiejumelage.saintmedardasso.fr\/wp-content\/uploads\/2023\/02\/Sabayon.pdf\">Sabayon<\/a><\/li>\n<\/ul>\n\n\n\n<p class=\"has-vivid-red-color has-text-color\"><strong>ATELIER DU 15 DECEMBRE 2018<\/strong><\/p>\n\n\n\n<ul class=\"wp-block-list\">\n<li><a href=\"https:\/\/italiejumelage.saintmedardasso.fr\/wp-content\/uploads\/2018\/12\/Flan-de-gorgonzola-avec-c\u00e9leri-\u00e0-la-mandarine.pdf\" data-type=\"URL\" data-id=\"https:\/\/italiejumelage.saintmedardasso.fr\/wp-content\/uploads\/2018\/12\/Flan-de-gorgonzola-avec-c\u00e9leri-\u00e0-la-mandarine.pdf\">Flan de gorgonzola<\/a><\/li>\n\n\n\n<li><a href=\"https:\/\/italiejumelage.saintmedardasso.fr\/wp-content\/uploads\/2018\/12\/Saucisses-de-Lucanie.pdf\" data-type=\"URL\" data-id=\"https:\/\/italiejumelage.saintmedardasso.fr\/wp-content\/uploads\/2018\/12\/Saucisses-de-Lucanie.pdf\">Saucisses de Lucanie<\/a><\/li>\n\n\n\n<li><a href=\"https:\/\/italiejumelage.saintmedardasso.fr\/wp-content\/uploads\/2018\/12\/Pois-cass\u00e9e-aux-\u00e9pices.pdf\" data-type=\"URL\" data-id=\"https:\/\/italiejumelage.saintmedardasso.fr\/wp-content\/uploads\/2018\/12\/Pois-cass\u00e9e-aux-\u00e9pices.pdf\">Pois cass\u00e9s aux \u00e9pices<\/a><\/li>\n\n\n\n<li><a href=\"https:\/\/italiejumelage.saintmedardasso.fr\/wp-content\/uploads\/2018\/12\/Dattes-farcies.pdf\" data-type=\"URL\" data-id=\"https:\/\/italiejumelage.saintmedardasso.fr\/wp-content\/uploads\/2018\/12\/Dattes-farcies.pdf\">Dattes farcies<\/a><\/li>\n\n\n\n<li><a href=\"https:\/\/italiejumelage.saintmedardasso.fr\/wp-content\/uploads\/2018\/12\/Mousse-de-kakis.pdf\" data-type=\"URL\" data-id=\"https:\/\/italiejumelage.saintmedardasso.fr\/wp-content\/uploads\/2018\/12\/Mousse-de-kakis.pdf\">Mousse de kakis<\/a><\/li>\n<\/ul>\n\n\n\n<p class=\"has-vivid-red-color has-text-color\"><strong>ATELIER DU 13 AVRIL 2018<\/strong><\/p>\n\n\n\n<ul class=\"wp-block-list\">\n<li><a href=\"https:\/\/italiejumelage.saintmedardasso.fr\/wp-content\/uploads\/2019\/05\/Artichauts-\u00e0-litalienne.pdf\" data-type=\"URL\" data-id=\"https:\/\/italiejumelage.saintmedardasso.fr\/wp-content\/uploads\/2019\/05\/Artichauts-\u00e0-litalienne.pdf\">Artichauts \u00e0 l&rsquo;italienne<\/a><\/li>\n\n\n\n<li><a href=\"https:\/\/italiejumelage.saintmedardasso.fr\/wp-content\/uploads\/2019\/05\/Osso-buco.pdf\" data-type=\"URL\" data-id=\"https:\/\/italiejumelage.saintmedardasso.fr\/wp-content\/uploads\/2019\/05\/Osso-buco.pdf\">Osso buco<\/a><\/li>\n\n\n\n<li><a href=\"https:\/\/italiejumelage.saintmedardasso.fr\/wp-content\/uploads\/2019\/05\/Tartelette-tiramisu-aux-fraises-et-au-basilic.pdf\" data-type=\"URL\" data-id=\"https:\/\/italiejumelage.saintmedardasso.fr\/wp-content\/uploads\/2019\/05\/Tartelette-tiramisu-aux-fraises-et-au-basilic.pdf\">Tartelette-tiramisu aux fraises et au basilic<\/a><\/li>\n<\/ul>\n\n\n\n<p class=\"has-vivid-red-color has-text-color\"><strong>ATELIER MAI 2017<\/strong><\/p>\n\n\n\n<ul class=\"wp-block-list\">\n<li><a href=\"https:\/\/italiejumelage.saintmedardasso.fr\/wp-content\/uploads\/2017\/05\/Funghi-ripieni.pdf\" data-type=\"URL\" data-id=\"https:\/\/italiejumelage.saintmedardasso.fr\/wp-content\/uploads\/2017\/05\/Funghi-ripieni.pdf\">Funghi ripieni<\/a><\/li>\n\n\n\n<li><a href=\"https:\/\/italiejumelage.saintmedardasso.fr\/wp-content\/uploads\/2017\/05\/Sardines-en-becfigue.pdf\" data-type=\"URL\" data-id=\"https:\/\/italiejumelage.saintmedardasso.fr\/wp-content\/uploads\/2017\/05\/Sardines-en-becfigue.pdf\">Sardines en becfigue<\/a><\/li>\n\n\n\n<li><a href=\"https:\/\/italiejumelage.saintmedardasso.fr\/wp-content\/uploads\/2017\/05\/Morue-\u00e0-la-sauce-tomate-et-olives-vertes.pdf\" data-type=\"URL\" data-id=\"https:\/\/italiejumelage.saintmedardasso.fr\/wp-content\/uploads\/2017\/05\/Morue-\u00e0-la-sauce-tomate-et-olives-vertes.pdf\">Morue \u00e0 la sauce tomate et olives vertes<\/a><\/li>\n\n\n\n<li><a href=\"https:\/\/italiejumelage.saintmedardasso.fr\/wp-content\/uploads\/2017\/05\/Torta-della-Nonna.pdf\" data-type=\"URL\" data-id=\"https:\/\/italiejumelage.saintmedardasso.fr\/wp-content\/uploads\/2017\/05\/Torta-della-Nonna.pdf\">Torta della nonna<\/a><\/li>\n<\/ul>\n\n\n\n<figure class=\"wp-block-image size-full is-style-rounded\"><img loading=\"lazy\" decoding=\"async\" width=\"172\" height=\"130\" src=\"https:\/\/italiejumelage.saintmedardasso.fr\/wp-content\/uploads\/2023\/02\/Funghi-ripieni.jpg\" alt=\"\" class=\"wp-image-3746\" srcset=\"https:\/\/italiejumelage.saintmedardasso.fr\/wp-content\/uploads\/2023\/02\/Funghi-ripieni.jpg 172w, https:\/\/italiejumelage.saintmedardasso.fr\/wp-content\/uploads\/2023\/02\/Funghi-ripieni-150x113.jpg 150w\" sizes=\"auto, (max-width: 172px) 100vw, 172px\" \/><figcaption class=\"wp-element-caption\">Funghi ripieni<\/figcaption><\/figure>\n\n\n\n<p class=\"has-vivid-red-color has-text-color\"><strong>ATELIER DU 12 NOVEMBRE 2016<\/strong><\/p>\n\n\n\n<ul class=\"wp-block-list\">\n<li><a href=\"https:\/\/italiejumelage.saintmedardasso.fr\/wp-content\/uploads\/2016\/11\/Fantaisies-italiennes-au-pesto.pdf\" data-type=\"URL\" data-id=\"https:\/\/italiejumelage.saintmedardasso.fr\/wp-content\/uploads\/2016\/11\/Fantaisies-italiennes-au-pesto.pdf\">Fantaisies italiennes au pesto<\/a> <\/li>\n\n\n\n<li><a href=\"https:\/\/italiejumelage.saintmedardasso.fr\/wp-content\/uploads\/2016\/11\/Poulet-chasseur-\u00e0-la-pi\u00e9montaise.pdf\" data-type=\"URL\" data-id=\"https:\/\/italiejumelage.saintmedardasso.fr\/wp-content\/uploads\/2016\/11\/Poulet-chasseur-\u00e0-la-pi\u00e9montaise.pdf\">Poulet chasseur \u00e0 la pi\u00e9montaise<\/a><\/li>\n\n\n\n<li><a href=\"https:\/\/italiejumelage.saintmedardasso.fr\/wp-content\/uploads\/2016\/11\/Coulant-au-chocolat-et-cerise-amarena.pdf\" data-type=\"URL\" data-id=\"https:\/\/italiejumelage.saintmedardasso.fr\/wp-content\/uploads\/2016\/11\/Coulant-au-chocolat-et-cerise-amarena.pdf\">Coulant au chocolat et cerise amarena<\/a> <\/li>\n\n\n\n<li><a href=\"https:\/\/italiejumelage.saintmedardasso.fr\/wp-content\/uploads\/2016\/11\/Cr\u00e8me-anglaise.pdf\" data-type=\"URL\" data-id=\"https:\/\/italiejumelage.saintmedardasso.fr\/wp-content\/uploads\/2016\/11\/Cr\u00e8me-anglaise.pdf\">Cr\u00e8me anglaise<\/a><\/li>\n<\/ul>\n\n\n\n<p><\/p>\n\n\n\n<figure class=\"wp-block-image size-full is-resized\"><img loading=\"lazy\" decoding=\"async\" width=\"640\" height=\"320\" src=\"https:\/\/italiejumelage.saintmedardasso.fr\/wp-content\/uploads\/2016\/11\/pasta-576417_640.png\" alt=\"\" class=\"wp-image-2791\" style=\"width:199px;height:100px\" srcset=\"https:\/\/italiejumelage.saintmedardasso.fr\/wp-content\/uploads\/2016\/11\/pasta-576417_640.png 640w, https:\/\/italiejumelage.saintmedardasso.fr\/wp-content\/uploads\/2016\/11\/pasta-576417_640-300x150.png 300w, https:\/\/italiejumelage.saintmedardasso.fr\/wp-content\/uploads\/2016\/11\/pasta-576417_640-600x300.png 600w, https:\/\/italiejumelage.saintmedardasso.fr\/wp-content\/uploads\/2016\/11\/pasta-576417_640-150x75.png 150w\" sizes=\"auto, (max-width: 640px) 100vw, 640px\" \/><\/figure>\n\n\n\n<p><\/p>\n\n\n\n<p><\/p>\n\n\n\n<p><\/p>\n\n\n\n<p><\/p>\n\n\n\n<p><\/p>\n\n\n\n<p><\/p>\n","protected":false},"excerpt":{"rendered":"<p>Samedi 12 novembre 2016, notre premier atelier de cuisine italienne voyait le&hellip;<\/p>\n","protected":false},"author":17,"featured_media":4229,"parent":0,"menu_order":0,"comment_status":"closed","ping_status":"closed","template":"","meta":{"footnotes":""},"class_list":["post-3692","page","type-page","status-publish","has-post-thumbnail","hentry"],"_links":{"self":[{"href":"https:\/\/italiejumelage.saintmedardasso.fr\/index.php?rest_route=\/wp\/v2\/pages\/3692","targetHints":{"allow":["GET"]}}],"collection":[{"href":"https:\/\/italiejumelage.saintmedardasso.fr\/index.php?rest_route=\/wp\/v2\/pages"}],"about":[{"href":"https:\/\/italiejumelage.saintmedardasso.fr\/index.php?rest_route=\/wp\/v2\/types\/page"}],"author":[{"embeddable":true,"href":"https:\/\/italiejumelage.saintmedardasso.fr\/index.php?rest_route=\/wp\/v2\/users\/17"}],"replies":[{"embeddable":true,"href":"https:\/\/italiejumelage.saintmedardasso.fr\/index.php?rest_route=%2Fwp%2Fv2%2Fcomments&post=3692"}],"version-history":[{"count":108,"href":"https:\/\/italiejumelage.saintmedardasso.fr\/index.php?rest_route=\/wp\/v2\/pages\/3692\/revisions"}],"predecessor-version":[{"id":4662,"href":"https:\/\/italiejumelage.saintmedardasso.fr\/index.php?rest_route=\/wp\/v2\/pages\/3692\/revisions\/4662"}],"wp:featuredmedia":[{"embeddable":true,"href":"https:\/\/italiejumelage.saintmedardasso.fr\/index.php?rest_route=\/wp\/v2\/media\/4229"}],"wp:attachment":[{"href":"https:\/\/italiejumelage.saintmedardasso.fr\/index.php?rest_route=%2Fwp%2Fv2%2Fmedia&parent=3692"}],"curies":[{"name":"wp","href":"https:\/\/api.w.org\/{rel}","templated":true}]}}